{"id":557,"date":"2019-06-30T16:22:33","date_gmt":"2019-06-30T14:22:33","guid":{"rendered":"http:\/\/historyczna.slaska.zhp.pl\/?page_id=557"},"modified":"2025-10-27T17:41:44","modified_gmt":"2025-10-27T16:41:44","slug":"lata-1924-1949","status":"publish","type":"page","link":"https:\/\/historyczna.slaska.zhp.pl\/?page_id=557","title":{"rendered":"Lata 1924-1949"},"content":{"rendered":"<p><strong>Przewodnicz\u0105cy Tymczasowego Zarz\u0105du Oddzia\u0142u G\u00f3rno\u015bl\u0105skiego<\/strong><\/p>\n<ul style=\"list-style-type: none;\">\n<li>20 III 1924 &#8211; 2 V 1924(\u2020) \u2013 Koncki Tadeusz<\/li>\n<li>21 V 1924 &#8211; IX 1926 \u2013 Bilski Mieczys\u0142aw<\/li>\n<li>IX 1926 &#8211; 13 II 1927 \u2013 Gra\u017cy\u0144ski Micha\u0142<\/li>\n<\/ul>\n<p><strong>Przewodnicz\u0105cy Zarz\u0105du Oddzia\u0142u\/Okr\u0119gu G\u00f3rno\u015bl\u0105skiego\/Katowickiego\/\u015al\u0105skiego ZHP<\/strong><\/p>\n<ul style=\"list-style-type: none;\">\n<li>1926 &#8211; 13 II 1927 \u2013 Gra\u017cy\u0144ski Micha\u0142 (p\u00f3\u017aniej Honorowy Przewodnicz\u0105cy Zarz\u0105du)<\/li>\n<li>13 II 1927 &#8211; XI 1934 \u2013 Jordan\u00f3wna Wanda<\/li>\n<li>XI 1934 &#8211; 12 VII 1936 \u2013 gen. Zaj\u0105c J\u00f3zef<\/li>\n<li>4 IX 1936 &#8211; 26 IX 1937 \u2013 Kupczy\u0144ski Tadeusz<\/li>\n<li>25 X 1937 &#8211; IX 1939 \u2013 Chmielewski Mieczys\u0142aw<\/li>\n<\/ul>\n<p><strong>G\u00f3rno\u015bl\u0105ska Chor\u0105giew \u017be\u0144ska powo\u0142ana 15.03.1924 \/ od maja 1924 Katowicka Chor\u0105giew \u017be\u0144ska \/<br \/>\nod 15.11.1926 \u015al\u0105ska Chor\u0105giew \u017be\u0144ska \/ od 1933 \u015al\u0105ska Chor\u0105giew Harcerek<\/strong><\/p>\n<ul style=\"list-style-type: none;\">\n<li>15 III 1924 \u2013 1 IV (28 IV) 1926 \u2013 <a href=\"https:\/\/lubliniec.zhp.pl\/historia\/index.php\/wanda-jordan-lowinska\" target=\"_blank\" rel=\"noreferrer noopener\">phm. Jordan\u00f3wna Wanda<\/a><\/li>\n<li>1 IV (15 XI) 1926 \u2013 21 IX (28 X) 1927 \u2013 <a href=\"http:\/\/historyczna.slaska.zhp.pl\/wp-content\/uploads\/2019\/05\/Kordecka_Olga.pdf\" target=\"_blank\" rel=\"noreferrer noopener\">phm. Kordecka Olga<\/a> (p.o.)<\/li>\n<li>21 IX (28 X) 1927 \u2013 XI (10 XII) 1931 \u2013 <a href=\"http:\/\/historyczna.slaska.zhp.pl\/wp-content\/uploads\/2019\/05\/Wierzbianska_Jadwiga.pdf\" target=\"_blank\" rel=\"noreferrer noopener\">hm. Laszczk\u00f3wna Jadwiga<\/a><\/li>\n<li>XI (10 XII) 1931 \u2013 IX (13 XI) 1936 \u2013 <a href=\"http:\/\/historyczna.slaska.zhp.pl\/wp-content\/uploads\/2019\/05\/Weglarzowna_Emilia.pdf\" target=\"_blank\" rel=\"noreferrer noopener\">hm. W\u0119glarz\u00f3wna Emilia<\/a><\/li>\n<li>IX (13 XI) 1936 \u2013 27 III 1938 \u2013 <a href=\"http:\/\/historyczna.slaska.zhp.pl\/wp-content\/uploads\/2019\/05\/Hoszowska-Kretowa_Zofia.pdf\" target=\"_blank\" rel=\"noreferrer noopener\">hm. Kretowa Zofia<\/a><\/li>\n<li>27 III 1938 \u2013 2 IX 1939 \u2013 <a href=\"http:\/\/historyczna.slaska.zhp.pl\/wp-content\/uploads\/2019\/05\/Tworkowska_Zofia.pdf\" target=\"_blank\" rel=\"noreferrer noopener\">hm. Tworkowska Zofia<\/a><\/li>\n<\/ul>\n<p><strong>Organizacja Harcerek<\/strong><\/p>\n<ul style=\"list-style-type: none;\">\n<li>IX 1939 \u2013 1945 \u2013 <a href=\"http:\/\/historyczna.slaska.zhp.pl\/wp-content\/uploads\/2019\/05\/Kusnierzewska_Irena.pdf\" target=\"_blank\" rel=\"noreferrer noopener\">hm. Ku\u015bnierzewska Irena<\/a><\/li>\n<\/ul>\n<p><strong>G\u00f3rno\u015bl\u0105ska Chor\u0105giew M\u0119ska powo\u0142ana 15.03.1924 \/ od maja 1924 Katowicka Chor\u0105giew M\u0119ska \/ od pa\u017adziernika 1926 \u015al\u0105ska Chor\u0105giew M\u0119ska \/ od 1933 \u015al\u0105ska Chor\u0105giew Harcerzy<\/strong><\/p>\n<ul style=\"list-style-type: none;\">\n<li>15 III 1924 \u2013 25 IV 1928 \u2013 <a href=\"https:\/\/lubliniec.zhp.pl\/historia\/index.php\/wanda-jordan-lowinska\" target=\"_blank\" rel=\"noreferrer noopener\">phm. Jordan\u00f3wna Wanda<\/a><\/li>\n<li>25 IV 1928 \u2013 5 X (28 X) 1930 \u2013 <a href=\"http:\/\/historyczna.slaska.zhp.pl\/wp-content\/uploads\/2019\/05\/Lowinski_Marian.pdf\" target=\"_blank\" rel=\"noreferrer noopener\">hm. \u0141owi\u0144ski Marian<\/a><\/li>\n<li>5 X (28 X) 1930 \u2013 28 IX (15 XI) 1935 \u2013 <a href=\"http:\/\/historyczna.slaska.zhp.pl\/wp-content\/uploads\/2019\/05\/Grzbiela_Jan.pdf\" target=\"_blank\" rel=\"noreferrer noopener\">hm. Grzbiela Jan<\/a><\/li>\n<li>28 IX (15 XI) 1935 \u2013 10 III 1939 \u2013 <a href=\"http:\/\/historyczna.slaska.zhp.pl\/wp-content\/uploads\/2019\/05\/Bielec_Jozef.pdf\" target=\"_blank\" rel=\"noreferrer noopener\">hm. Bielec J\u00f3zef<\/a><\/li>\n<li>10 III 1939\u2013 22 VIII 1939 \u2013 <a href=\"http:\/\/historyczna.slaska.zhp.pl\/wp-content\/uploads\/2019\/05\/Klama_Ludwik.pdf\" target=\"_blank\" rel=\"noreferrer noopener\">hm. Klama Ludwik<\/a><\/li>\n<li>26 VIII 1939 \u2013 3 IX 1939 \u2013 <a href=\"http:\/\/historyczna.slaska.zhp.pl\/wp-content\/uploads\/2019\/05\/Pukowiec_Jozef.pdf\" target=\"_blank\" rel=\"noreferrer noopener\">hm. Pukowiec J\u00f3zef<\/a><\/li>\n<\/ul>\n<p><strong>Chor\u0105giew \u015al\u0105ska &#8222;UL BARBARA&#8221;\/&#8221;UL HUTA&#8221; (zale\u017cy od \u017ar\u00f3d\u0142a)<br \/>\n<\/strong><\/p>\n<ul style=\"list-style-type: none;\">\n<li>IX 1939 &#8211; 18 XII 1940 \u2013 <a href=\"http:\/\/historyczna.slaska.zhp.pl\/wp-content\/uploads\/2019\/05\/Pukowiec_Jozef.pdf\" target=\"_blank\" rel=\"noreferrer noopener\">hm. Pukowiec J\u00f3zef<\/a><\/li>\n<li>Jesie\u0144 1942 \u2013 I 1945 \u2013 <a href=\"http:\/\/historyczna.slaska.zhp.pl\/wp-content\/uploads\/2019\/05\/Niederlinski_Wojciech.pdf\" target=\"_blank\" rel=\"noreferrer noopener\">hm. Niederli\u0144ski Wojciech<\/a><\/li>\n<\/ul>\n<p><strong>Sosnowiecka Chor\u0105giew M\u0119ska powsta\u0142a w 1923 z IX A Okr\u0119gu M\u0119skiego Zag\u0142\u0119bie i samodzielnego Hufca Cz\u0119stochowskiego (wcze\u015bniej VII A Okr\u0119g M\u0119ski Cz\u0119stochowa) \/ od 15.11.1926 M\u0119ska Chor\u0105giew Zag\u0142\u0119bia D\u0105browskiego \/ od 1933 Zag\u0142\u0119biowska Chor\u0105giew Harcerzy<\/strong><\/p>\n<ul style=\"list-style-type: none;\">\n<li>IV 1921 &#8211; 24 III 1926 \u2013 ks. phm. Sobczy\u0144ski J\u00f3zef<\/li>\n<li>24 III 1926 (do 22 VI 1927 jako p.o.) &#8211; 15 I 1928 \u2013 phm. Bujakowski Jan Kazimierz<\/li>\n<li>15 I 1928 &#8211; 31 X 1931 \u2013 ks. phm. Sobczy\u0144ski J\u00f3zef<\/li>\n<li>31 X 1931 &#8211; 14 IV 1932 \u2013 phm. Sta\u015bko J\u00f3zef<\/li>\n<li>14 IV 1932 &#8211; 1 V 1935 \u2013 hm. Korek Zygmunt<\/li>\n<li>1 V 1935 &#8211; IX 1939 \u2013 hm. Brzezi\u0144ski J\u00f3zef<\/li>\n<\/ul>\n<p><strong>Zag\u0142\u0119biowska Chor\u0105giew Harcerzy &#8222;UL HUTA&#8221;\/&#8221;UL BARBARA&#8221; (zale\u017cy od \u017ar\u00f3d\u0142a)<\/strong><\/p>\n<ul style=\"list-style-type: none;\">\n<li>8 XII 1939 &#8211; 8 IV 1941 \u2013 hm. Korek Zygmunt<\/li>\n<li>8 IV 1941 &#8211; XII 1943 \u2013 hm. Nowak Edward<\/li>\n<li>XII 1943 &#8211; I 1945 \u2013 hm. Korek Roman<\/li>\n<\/ul>\n<p><strong>\u015al\u0105sko-D\u0105browska Chor\u0105giew Harcerek<\/strong><\/p>\n<ul style=\"list-style-type: none;\">\n<li>8 V 1945 \u2013 1 XI 1948 \u2013 hm. Czeka\u0144ska Wanda<\/li>\n<li>1 XI 1948 \u2013 3 II 1949 \u2013 <a href=\"http:\/\/historyczna.slaska.zhp.pl\/wp-content\/uploads\/2019\/05\/Jackowicz-Korczynska_Adela.pdf\" target=\"_blank\" rel=\"noreferrer noopener\">hm. Jackowicz-Korczy\u0144ska Adela<\/a><\/li>\n<\/ul>\n<p><strong>\u015al\u0105sko-D\u0105browska Chor\u0105giew Harcerzy<\/strong><\/p>\n<ul style=\"list-style-type: none;\">\n<li>11 II 1945 \u2013 8 V 1945 \u2013 Proszkier Czes\u0142aw<\/li>\n<li>8 V 1945 \u2013 26 IX 1945 \u2013 hm. Gnio\u017adziorz J\u00f3zef<\/li>\n<li>26 IX 1945 \u2013 3 II 1949 \u2013 <a href=\"http:\/\/historyczna.slaska.zhp.pl\/wp-content\/uploads\/2019\/05\/Niederlinski_Wojciech.pdf\" target=\"_blank\" rel=\"noreferrer noopener\">hm. Niederli\u0144ski Wojciech<\/a><\/li>\n<\/ul>\n<p>&nbsp;<\/p>\n<p>Opracowano na podstawie:<\/p>\n<ul style=\"list-style-type: none;\">\n<li>&#8211; materia\u0142y dh. Eugeniusza Loski,<\/li>\n<li>&#8211; Tadeusz Czylok, &#8222;Harcerska lilijka na G\u00f3rnym \u015al\u0105sku&#8221;, Katowice 2003<\/li>\n<li>&#8211; Olgierd Fietkiewicz (red.), &#8222;Leksykon Harcerstwa&#8221;, Warszawa 1988<\/li>\n<li>&#8211; &#8222;Z dziej\u00f3w harcerstwa \u015bl\u0105skiego&#8221;, Katowice 1985<\/li>\n<li>&#8211; Wiadomo\u015bci Urz\u0119dowe ZHP<\/li>\n<\/ul>\n","protected":false},"excerpt":{"rendered":"<p>Przewodnicz\u0105cy Tymczasowego Zarz\u0105du Oddzia\u0142u G\u00f3rno\u015bl\u0105skiego 20 III 1924 &#8211; 2 V 1924(\u2020) \u2013 Koncki Tadeusz 21 V 1924 &#8211; IX 1926 \u2013 Bilski Mieczys\u0142aw IX 1926 &#8211; 13 II 1927 \u2013 Gra\u017cy\u0144ski Micha\u0142 Przewodnicz\u0105cy Zarz\u0105du Oddzia\u0142u\/Okr\u0119gu G\u00f3rno\u015bl\u0105skiego\/Katowickiego\/\u015al\u0105skiego ZHP 1926 &#8211; 13 II 1927 \u2013 Gra\u017cy\u0144ski Micha\u0142 (p\u00f3\u017aniej Honorowy Przewodnicz\u0105cy Zarz\u0105du) 13 II 1927 &#8211; XI [&hellip;]<\/p>\n","protected":false},"author":2,"featured_media":0,"parent":81,"menu_order":0,"comment_status":"closed","ping_status":"closed","template":"","meta":{"postBodyCss":"","postBodyMargin":[],"postBodyPadding":[],"postBodyBackground":{"backgroundType":"classic","gradient":""},"footnotes":""},"class_list":["post-557","page","type-page","status-publish","hentry"],"_links":{"self":[{"href":"https:\/\/historyczna.slaska.zhp.pl\/index.php?rest_route=\/wp\/v2\/pages\/557","targetHints":{"allow":["GET"]}}],"collection":[{"href":"https:\/\/historyczna.slaska.zhp.pl\/index.php?rest_route=\/wp\/v2\/pages"}],"about":[{"href":"https:\/\/historyczna.slaska.zhp.pl\/index.php?rest_route=\/wp\/v2\/types\/page"}],"author":[{"embeddable":true,"href":"https:\/\/historyczna.slaska.zhp.pl\/index.php?rest_route=\/wp\/v2\/users\/2"}],"replies":[{"embeddable":true,"href":"https:\/\/historyczna.slaska.zhp.pl\/index.php?rest_route=%2Fwp%2Fv2%2Fcomments&post=557"}],"version-history":[{"count":24,"href":"https:\/\/historyczna.slaska.zhp.pl\/index.php?rest_route=\/wp\/v2\/pages\/557\/revisions"}],"predecessor-version":[{"id":1821,"href":"https:\/\/historyczna.slaska.zhp.pl\/index.php?rest_route=\/wp\/v2\/pages\/557\/revisions\/1821"}],"up":[{"embeddable":true,"href":"https:\/\/historyczna.slaska.zhp.pl\/index.php?rest_route=\/wp\/v2\/pages\/81"}],"wp:attachment":[{"href":"https:\/\/historyczna.slaska.zhp.pl\/index.php?rest_route=%2Fwp%2Fv2%2Fmedia&parent=557"}],"curies":[{"name":"wp","href":"https:\/\/api.w.org\/{rel}","templated":true}]}}